{"id":5455,"date":"2023-12-07T11:59:42","date_gmt":"2023-12-07T11:59:42","guid":{"rendered":"https:\/\/cingel.pt\/grupo-cingel\/"},"modified":"2024-10-08T10:14:43","modified_gmt":"2024-10-08T09:14:43","slug":"grupo-cingel","status":"publish","type":"page","link":"https:\/\/cingel.pt\/es\/grupo-cingel\/","title":{"rendered":"Grupo Cingel"},"content":{"rendered":"<p>[et_pb_section fb_built=\u00bb1&#8243; _builder_version=\u00bb4.23.3&#8243; _module_preset=\u00bbdefault\u00bb background_enable_image=\u00bboff\u00bb background_position=\u00bbtop_center\u00bb background_vertical_offset=\u00bb58%\u00bb background_enable_pattern_style=\u00bbon\u00bb background_pattern_style=\u00bbdiagonal-stripes-2&#8243; background_pattern_size=\u00bbcustom\u00bb background_pattern_width=\u00bb5px\u00bb height=\u00bb23em\u00bb height_tablet=\u00bb25em\u00bb height_phone=\u00bb38em\u00bb height_last_edited=\u00bbon|phone\u00bb custom_margin=\u00bb0px||-5px||false|false\u00bb custom_margin_tablet=\u00bb0px||-70px||false|false\u00bb custom_margin_phone=\u00bb0px||-70px||false|false\u00bb custom_margin_last_edited=\u00bbon|phone\u00bb custom_padding=\u00bb0px||0px||true|false\u00bb top_divider_height=\u00bb221px\u00bb top_divider_flip=\u00bbhorizontal|vertical\u00bb bottom_divider_style=\u00bbmountains2&#8243; bottom_divider_color=\u00bb#FFFFFF\u00bb bottom_divider_height=\u00bb150px\u00bb bottom_divider_repeat=\u00bb1x\u00bb bottom_divider_height_tablet=\u00bb200px\u00bb bottom_divider_height_phone=\u00bb250px\u00bb bottom_divider_height_last_edited=\u00bbon|tablet\u00bb background_last_edited=\u00bbon|tablet\u00bb global_colors_info=\u00bb{%22gcid-82b81f86-188a-4a0d-bc27-957912f3e4fb%22:%91%22background_color_gradient_stops%22%93}\u00bb][et_pb_row column_structure=\u00bb1_2,1_2&#8243; _builder_version=\u00bb4.23.3&#8243; _module_preset=\u00bbdefault\u00bb custom_margin=\u00bb0px||||false|false\u00bb custom_padding=\u00bb20px||||false|false\u00bb pac_drh_column_numbers_tablet=\u00bbpac_drh_tab_col_two\u00bb pac_drh_column_numbers_phone=\u00bbpac_drh_phone_col_one\u00bb global_colors_info=\u00bb{}\u00bb max_width__hover_enabled=\u00bboff|desktop\u00bb][et_pb_column type=\u00bb1_2&#8243; admin_label=\u00bbColuna 1&#8243; _builder_version=\u00bb4.23.3&#8243; _module_preset=\u00bbdefault\u00bb custom_padding=\u00bb20px||||false|false\u00bb global_colors_info=\u00bb{}\u00bb][et_pb_heading title=\u00bbQui\u00e9nes somos\u00bb _builder_version=\u00bb4.23.3&#8243; _module_preset=\u00bbdefault\u00bb title_font=\u00bbExo|300||on|||||\u00bb title_text_color=\u00bbgcid-63dc6424-0d57-48b2-b05a-a9e3366425b3&#8243; title_font_size=\u00bb60px\u00bb title_line_height=\u00bb1.1em\u00bb title_font_size_tablet=\u00bb50px\u00bb title_font_size_phone=\u00bb40px\u00bb title_font_size_last_edited=\u00bbon|phone\u00bb global_colors_info=\u00bb{%22gcid-63dc6424-0d57-48b2-b05a-a9e3366425b3%22:%91%22title_text_color%22%93}\u00bb][\/et_pb_heading][dmpro_breadcrumbs bc_custom_home=\u00bbon\u00bb bc_home_url=\u00bbhttps:\/\/cingel.pt\/\u00bb bc_home_icon=\u00bbon\u00bb bc_home_color=\u00bbgcid-63dc6424-0d57-48b2-b05a-a9e3366425b3&#8243; bc_hover_home_color=\u00bbgcid-82b81f86-188a-4a0d-bc27-957912f3e4fb\u00bb bc_schema=\u00bboff\u00bb bc_separator_color=\u00bbgcid-63dc6424-0d57-48b2-b05a-a9e3366425b3&#8243; bc_separator_space=\u00bb2px\u00bb _builder_version=\u00bb4.23.3&#8243; _module_preset=\u00bbdefault\u00bb items_font=\u00bbExo||||||||\u00bb items_text_color=\u00bbgcid-63dc6424-0d57-48b2-b05a-a9e3366425b3&#8243; hover_font=\u00bbExo|500|||||||\u00bb hover_text_color=\u00bbgcid-63dc6424-0d57-48b2-b05a-a9e3366425b3&#8243; active_font=\u00bbExo|800|||||||\u00bb active_text_color=\u00bbgcid-82b81f86-188a-4a0d-bc27-957912f3e4fb\u00bb custom_margin=\u00bb0px||100px||false|false\u00bb locked=\u00bboff\u00bb global_colors_info=\u00bb{%22gcid-63dc6424-0d57-48b2-b05a-a9e3366425b3%22:%91%22items_text_color%22,%22hover_text_color%22,%22bc_home_color%22,%22bc_separator_color%22%93,%22gcid-82b81f86-188a-4a0d-bc27-957912f3e4fb%22:%91%22active_text_color%22,%22bc_hover_home_color%22%93}\u00bb][\/dmpro_breadcrumbs][\/et_pb_column][et_pb_column type=\u00bb1_2&#8243; admin_label=\u00bbColuna 2&#8243; _builder_version=\u00bb4.23.3&#8243; _module_preset=\u00bbdefault\u00bb custom_padding=\u00bb0px||||false|false\u00bb global_colors_info=\u00bb{}\u00bb][et_pb_image src=\u00bbhttps:\/\/cingel.pt\/wp-content\/uploads\/2023\/12\/cingel-banner-quem-somos.png\u00bb title_text=\u00bbcingel-banner-quem-somos\u00bb _builder_version=\u00bb4.23.3&#8243; _module_preset=\u00bbdefault\u00bb custom_margin=\u00bb-20px||||false|false\u00bb animation_style=\u00bbslide\u00bb animation_direction=\u00bbtop\u00bb global_colors_info=\u00bb{}\u00bb][\/et_pb_image][\/et_pb_column][\/et_pb_row][\/et_pb_section][et_pb_section fb_built=\u00bb1&#8243; _builder_version=\u00bb4.23.3&#8243; _module_preset=\u00bbdefault\u00bb background_color=\u00bbRGBA(255,255,255,0)\u00bb custom_padding=\u00bb30px|||||\u00bb global_colors_info=\u00bb{}\u00bb][et_pb_row _builder_version=\u00bb4.23.1&#8243; _module_preset=\u00bbdefault\u00bb background_color=\u00bbRGBA(255,255,255,0)\u00bb custom_padding=\u00bb27px|||||\u00bb global_colors_info=\u00bb{}\u00bb][et_pb_column type=\u00bb4_4&#8243; _builder_version=\u00bb4.23.1&#8243; _module_preset=\u00bbdefault\u00bb global_colors_info=\u00bb{}\u00bb][et_pb_text _builder_version=\u00bb4.25.1&#8243; _module_preset=\u00bbdefault\u00bb text_font_size=\u00bb16px\u00bb hover_enabled=\u00bb0&#8243; global_colors_info=\u00bb{}\u00bb sticky_enabled=\u00bb0&#8243;]<\/p>\n<p>El Grupo Cingel opera en las \u00e1reas de contabilidad, fiscalidad, consultor\u00eda, informaci\u00f3n, gesti\u00f3n, formaci\u00f3n y recursos humanos. Somos una organizaci\u00f3n s\u00f3lida con m\u00e1s de 35 a\u00f1os de experiencia en el sector. <\/p>\n<p>Actualmente contamos con diez oficinas en Leiria, Lisboa y Azores y varias empresas. Con una pol\u00edtica basada en la proximidad, la seriedad, la exigencia y el rigor, el Grupo Cingel proporciona a sus clientes las herramientas necesarias para una gesti\u00f3n exitosa, eficaz y rigurosa. Trabajamos en estrecha colaboraci\u00f3n con nuestros clientes porque los consideramos socios para el futuro.  <\/p>\n<p>Desarrollamos un servicio distintivo basado en la transparencia y la proximidad. Nuestras oficinas est\u00e1n conectadas por una red tecnol\u00f3gica de informaci\u00f3n y videoconferencia que permite a los clientes tener contacto inmediato con nuestros t\u00e9cnicos o gestores en cualquiera de nuestras oficinas. <\/p>\n<p>Para que una organizaci\u00f3n tenga \u00e9xito, creemos que lo m\u00e1s importante, adem\u00e1s del rigor y la credibilidad, es una buena gesti\u00f3n basada en la capacidad de anticipaci\u00f3n, que s\u00f3lo es posible con informaci\u00f3n veraz y oportuna. Para nosotros, la contabilidad es s\u00f3lo el principio de la relaci\u00f3n con nuestros clientes. Contamos contigo para nuevos retos.  <\/p>\n<p>[\/et_pb_text][\/et_pb_column][\/et_pb_row][et_pb_row column_structure=\u00bb1_5,1_5,1_5,1_5,1_5&#8243; use_custom_gutter=\u00bbon\u00bb gutter_width=\u00bb4&#8243; _builder_version=\u00bb4.23.3&#8243; _module_preset=\u00bbdefault\u00bb width=\u00bb60em\u00bb width_tablet=\u00bbauto\u00bb width_phone=\u00bbauto\u00bb width_last_edited=\u00bbon|tablet\u00bb module_alignment=\u00bbcenter\u00bb pac_drh_column_numbers_tablet=\u00bbpac_drh_tab_col_three\u00bb pac_drh_column_numbers_phone=\u00bbpac_drh_phone_col_two\u00bb global_colors_info=\u00bb{}\u00bb][et_pb_column type=\u00bb1_5&#8243; _builder_version=\u00bb4.23.1&#8243; _module_preset=\u00bbdefault\u00bb global_colors_info=\u00bb{}\u00bb][et_pb_image src=\u00bbhttps:\/\/cingel.pt\/wp-content\/uploads\/2024\/01\/cingel_logo_contabilidade.svg\u00bb title_text=\u00bbcingel_logo_contabilidade\u00bb _builder_version=\u00bb4.23.4&#8243; _module_preset=\u00bbdefault\u00bb width=\u00bb90%\u00bb animation_style=\u00bbzoom\u00bb animation_delay=\u00bb600ms\u00bb global_colors_info=\u00bb{}\u00bb][\/et_pb_image][\/et_pb_column][et_pb_column type=\u00bb1_5&#8243; _builder_version=\u00bb4.23.1&#8243; _module_preset=\u00bbdefault\u00bb global_colors_info=\u00bb{}\u00bb][et_pb_image src=\u00bbhttps:\/\/cingel.pt\/wp-content\/uploads\/2024\/01\/cingel_logo_consulting.svg\u00bb title_text=\u00bbcingel_logo_consulting\u00bb _builder_version=\u00bb4.23.4&#8243; _module_preset=\u00bbdefault\u00bb width=\u00bb90%\u00bb animation_style=\u00bbzoom\u00bb animation_delay=\u00bb800ms\u00bb global_colors_info=\u00bb{}\u00bb][\/et_pb_image][\/et_pb_column][et_pb_column type=\u00bb1_5&#8243; _builder_version=\u00bb4.23.1&#8243; _module_preset=\u00bbdefault\u00bb global_colors_info=\u00bb{}\u00bb][et_pb_image src=\u00bbhttps:\/\/cingel.pt\/wp-content\/uploads\/2024\/01\/cingel_logo_atlantico.svg\u00bb title_text=\u00bbcingel_logo_atlantico\u00bb _builder_version=\u00bb4.23.4&#8243; _module_preset=\u00bbdefault\u00bb width=\u00bb90%\u00bb animation_style=\u00bbzoom\u00bb animation_delay=\u00bb1000ms\u00bb global_colors_info=\u00bb{}\u00bb][\/et_pb_image][\/et_pb_column][et_pb_column type=\u00bb1_5&#8243; _builder_version=\u00bb4.23.1&#8243; _module_preset=\u00bbdefault\u00bb global_colors_info=\u00bb{}\u00bb][et_pb_image src=\u00bbhttps:\/\/cingel.pt\/wp-content\/uploads\/2024\/01\/cingel_logo_outsourcing.svg\u00bb title_text=\u00bbcingel_logo_outsourcing\u00bb _builder_version=\u00bb4.23.4&#8243; _module_preset=\u00bbdefault\u00bb width=\u00bb90%\u00bb animation_style=\u00bbzoom\u00bb animation_delay=\u00bb1200ms\u00bb global_colors_info=\u00bb{}\u00bb][\/et_pb_image][\/et_pb_column][et_pb_column type=\u00bb1_5&#8243; _builder_version=\u00bb4.23.1&#8243; _module_preset=\u00bbdefault\u00bb global_colors_info=\u00bb{}\u00bb][et_pb_image src=\u00bbhttps:\/\/cingel.pt\/wp-content\/uploads\/2024\/01\/cingel_logo_formacao.svg\u00bb title_text=\u00bbcingel_logo_formacao\u00bb _builder_version=\u00bb4.23.4&#8243; _module_preset=\u00bbdefault\u00bb width=\u00bb90%\u00bb animation_style=\u00bbzoom\u00bb animation_delay=\u00bb1400ms\u00bb global_colors_info=\u00bb{}\u00bb][\/et_pb_image][\/et_pb_column][\/et_pb_row][\/et_pb_section][et_pb_section fb_built=\u00bb1&#8243; _builder_version=\u00bb4.23.1&#8243; _module_preset=\u00bbdefault\u00bb background_color=\u00bb#282828&#8243; global_colors_info=\u00bb{}\u00bb][et_pb_row column_structure=\u00bb1_2,1_2&#8243; _builder_version=\u00bb4.23.1&#8243; _module_preset=\u00bbdefault\u00bb global_colors_info=\u00bb{}\u00bb][et_pb_column type=\u00bb1_2&#8243; _builder_version=\u00bb4.23.1&#8243; _module_preset=\u00bbdefault\u00bb global_colors_info=\u00bb{}\u00bb][et_pb_heading title=\u00bbNuestra misi\u00f3n\u00bb _builder_version=\u00bb4.23.3&#8243; _module_preset=\u00bbdefault\u00bb title_font=\u00bbExo|600|||||||\u00bb title_text_align=\u00bbleft\u00bb title_text_color=\u00bb#FFFFFF\u00bb custom_margin=\u00bb||5px||false|false\u00bb locked=\u00bboff\u00bb global_colors_info=\u00bb{}\u00bb][\/et_pb_heading][et_pb_divider divider_style=\u00bbdotted\u00bb divider_weight=\u00bb2px\u00bb _builder_version=\u00bb4.23.1&#8243; _module_preset=\u00bbdefault\u00bb max_width=\u00bb5em\u00bb module_alignment=\u00bbleft\u00bb custom_margin=\u00bb||0px||false|false\u00bb locked=\u00bboff\u00bb global_colors_info=\u00bb{}\u00bb][\/et_pb_divider][et_pb_text _builder_version=\u00bb4.24.2&#8243; _module_preset=\u00bbdefault\u00bb text_text_color=\u00bbrgba(255,255,255,0.5)\u00bb text_font_size=\u00bb16px\u00bb hover_enabled=\u00bb0&#8243; global_colors_info=\u00bb{}\u00bb sticky_enabled=\u00bb0&#8243;]<\/p>\n<p>Prestar un servicio de excelencia a trav\u00e9s del rigor y la organizaci\u00f3n con un equipo cualificado, actualizado y formado en las \u00e1reas de negocio en las que opera.<\/p>\n<p>[\/et_pb_text][et_pb_heading title=\u00bbVisi\u00f3n\u00bb _builder_version=\u00bb4.23.1&#8243; _module_preset=\u00bbdefault\u00bb title_font=\u00bbExo|600|||||||\u00bb title_text_align=\u00bbleft\u00bb title_text_color=\u00bb#FFFFFF\u00bb custom_margin=\u00bb||5px||false|false\u00bb locked=\u00bboff\u00bb global_colors_info=\u00bb{}\u00bb][\/et_pb_heading][et_pb_divider divider_style=\u00bbdotted\u00bb divider_weight=\u00bb2px\u00bb _builder_version=\u00bb4.23.1&#8243; _module_preset=\u00bbdefault\u00bb max_width=\u00bb5em\u00bb module_alignment=\u00bbleft\u00bb custom_margin=\u00bb||0px||false|false\u00bb locked=\u00bboff\u00bb global_colors_info=\u00bb{}\u00bb][\/et_pb_divider][et_pb_text _builder_version=\u00bb4.23.1&#8243; _module_preset=\u00bbdefault\u00bb text_text_color=\u00bbrgba(255,255,255,0.5)\u00bb text_font_size=\u00bb16px\u00bb global_colors_info=\u00bb{}\u00bb]<\/p>\n<p>Ser un socio de negocios y apoyar estrat\u00e9gicamente el crecimiento de nuestros clientes, proporcionando liderazgo en el mercado.<\/p>\n<p>[\/et_pb_text][et_pb_heading title=\u00bbValores\u00bb _builder_version=\u00bb4.23.1&#8243; _module_preset=\u00bbdefault\u00bb title_font=\u00bbExo|600|||||||\u00bb title_text_align=\u00bbleft\u00bb title_text_color=\u00bb#FFFFFF\u00bb custom_margin=\u00bb||5px||false|false\u00bb locked=\u00bboff\u00bb global_colors_info=\u00bb{}\u00bb][\/et_pb_heading][et_pb_divider divider_style=\u00bbdotted\u00bb divider_weight=\u00bb2px\u00bb _builder_version=\u00bb4.23.1&#8243; _module_preset=\u00bbdefault\u00bb max_width=\u00bb5em\u00bb module_alignment=\u00bbleft\u00bb custom_margin=\u00bb||0px||false|false\u00bb locked=\u00bboff\u00bb global_colors_info=\u00bb{}\u00bb][\/et_pb_divider][et_pb_text _builder_version=\u00bb4.23.1&#8243; _module_preset=\u00bbdefault\u00bb text_text_color=\u00bbrgba(255,255,255,0.5)\u00bb text_font_size=\u00bb16px\u00bb global_colors_info=\u00bb{}\u00bb]<\/p>\n<p>Calidad, Diferenciaci\u00f3n, Organizaci\u00f3n, Soluciones, Confianza, Credibilidad y Seriedad<\/p>\n<p>[\/et_pb_text][\/et_pb_column][et_pb_column type=\u00bb1_2&#8243; _builder_version=\u00bb4.23.1&#8243; _module_preset=\u00bbdefault\u00bb global_colors_info=\u00bb{}\u00bb][et_pb_heading title=\u00bbNuestra pol\u00edtica\u00bb _builder_version=\u00bb4.23.1&#8243; _module_preset=\u00bbdefault\u00bb title_font=\u00bbExo|600|||||||\u00bb title_text_align=\u00bbleft\u00bb title_text_color=\u00bb#FFFFFF\u00bb custom_margin=\u00bb||5px||false|false\u00bb locked=\u00bboff\u00bb global_colors_info=\u00bb{}\u00bb][\/et_pb_heading][et_pb_divider divider_style=\u00bbdotted\u00bb divider_weight=\u00bb2px\u00bb _builder_version=\u00bb4.23.1&#8243; _module_preset=\u00bbdefault\u00bb max_width=\u00bb5em\u00bb module_alignment=\u00bbleft\u00bb custom_margin=\u00bb||0px||false|false\u00bb locked=\u00bboff\u00bb global_colors_info=\u00bb{}\u00bb][\/et_pb_divider][et_pb_text _builder_version=\u00bb4.25.1&#8243; _module_preset=\u00bbdefault\u00bb text_text_color=\u00bbrgba(255,255,255,0.5)\u00bb text_font_size=\u00bb16px\u00bb hover_enabled=\u00bb0&#8243; global_colors_info=\u00bb{}\u00bb sticky_enabled=\u00bb0&#8243;]<\/p>\n<ul>\n<li>Trabajar en colaboraci\u00f3n con los clientes<\/li>\n<li>Empleados capaces, cualificados y motivados<\/li>\n<li>Voluntad de servicio, de marcar la diferencia y de permitir dar credibilidad a las cuentas de las empresas, contribuyendo al rigor de su gesti\u00f3n<\/li>\n<li>Control para cumplir y desarrollar<\/li>\n<li>Satisfacer las necesidades y expectativas del cliente y otras partes interesadas<\/li>\n<li>Cumplir con los requisitos legales, reglamentarios y normativos aplicables a los servicios que presta a los clientes y con los requisitos espec\u00edficos del cliente<\/li>\n<\/ul>\n<p>[\/et_pb_text][\/et_pb_column][\/et_pb_row][\/et_pb_section][et_pb_section fb_built=\u00bb1&#8243; _builder_version=\u00bb4.23.4&#8243; _module_preset=\u00bbdefault\u00bb background_enable_image=\u00bboff\u00bb custom_padding=\u00bb||30px|||\u00bb global_colors_info=\u00bb{}\u00bb][et_pb_row column_structure=\u00bb1_3,1_3,1_3&#8243; use_custom_gutter=\u00bbon\u00bb gutter_width=\u00bb2&#8243; custom_padding_last_edited=\u00bbon|desktop\u00bb _builder_version=\u00bb4.23.4&#8243; _module_preset=\u00bbdefault\u00bb width=\u00bb50%\u00bb custom_margin_tablet=\u00bb||||false|false\u00bb custom_margin_last_edited=\u00bboff|tablet\u00bb custom_padding_tablet=\u00bb\u00bb custom_padding_phone=\u00bb\u00bb global_colors_info=\u00bb{}\u00bb][et_pb_column type=\u00bb1_3&#8243; _builder_version=\u00bb4.23.4&#8243; _module_preset=\u00bbdefault\u00bb custom_padding=\u00bb||||false|false\u00bb custom_padding_tablet=\u00bb||30px||false|false\u00bb custom_padding_phone=\u00bb||30px||false|false\u00bb custom_padding_last_edited=\u00bbon|phone\u00bb global_colors_info=\u00bb{}\u00bb][et_pb_team_member name=\u00bbAnt\u00f3nio Maria Pereira\u00bb position=\u00bbFundador del Grupo Cingel\u00bb image_url=\u00bbhttps:\/\/cingel.pt\/wp-content\/uploads\/2024\/01\/cingel-antonio-maria.jpg\u00bb linkedin_url=\u00bbhttps:\/\/pt.linkedin.com\/in\/ant%C3%B3nio-maria-andrino-pereira-8554b4142?\u00bb _builder_version=\u00bb4.23.4&#8243; _module_preset=\u00bbdefault\u00bb header_font=\u00bbExo|600||on|||||\u00bb header_text_color=\u00bb#595959&#8243; header_font_size=\u00bb16px\u00bb position_text_color=\u00bb#595959&#8243; text_orientation=\u00bbcenter\u00bb width=\u00bb90%\u00bb module_alignment=\u00bbcenter\u00bb child_filter_brightness=\u00bb105%\u00bb animation_style=\u00bbzoom\u00bb animation_intensity_zoom=\u00bb10%\u00bb custom_css_title=\u00bbpadding-top: 20px;||padding-bottom: 5px;\u00bb custom_css_member_social_links=\u00bbpadding-left: 18px;\u00bb border_radii_image=\u00bbon|1200px|1200px|1200px|1200px\u00bb global_colors_info=\u00bb{}\u00bb child_filter_hue_rotate__hover_enabled=\u00bboff|desktop\u00bb child_filter_saturate__hover_enabled=\u00bbon|hover\u00bb child_filter_saturate__hover=\u00bb100%\u00bb child_filter_brightness__hover_enabled=\u00bboff|hover\u00bb][\/et_pb_team_member][\/et_pb_column][et_pb_column type=\u00bb1_3&#8243; _builder_version=\u00bb4.23.3&#8243; _module_preset=\u00bbdefault\u00bb custom_padding=\u00bb||||false|false\u00bb custom_padding_tablet=\u00bb||30px||false|false\u00bb custom_padding_phone=\u00bb||30px||false|false\u00bb custom_padding_last_edited=\u00bbon|tablet\u00bb global_colors_info=\u00bb{}\u00bb][et_pb_team_member name=\u00bbPaulo Pereira\u00bb position=\u00bbGerente\u00bb image_url=\u00bbhttps:\/\/cingel.pt\/wp-content\/uploads\/2024\/01\/cingel-paulo.jpg\u00bb linkedin_url=\u00bbhttps:\/\/pt.linkedin.com\/in\/paulo-pereira-a5717b147&#8243; _builder_version=\u00bb4.23.4&#8243; _module_preset=\u00bbdefault\u00bb header_font=\u00bbExo|600||on|||||\u00bb header_text_color=\u00bb#595959&#8243; header_font_size=\u00bb16px\u00bb position_text_color=\u00bb#595959&#8243; text_orientation=\u00bbcenter\u00bb width=\u00bb90%\u00bb module_alignment=\u00bbcenter\u00bb child_filter_brightness=\u00bb105%\u00bb animation_style=\u00bbzoom\u00bb animation_delay=\u00bb150ms\u00bb animation_intensity_zoom=\u00bb10%\u00bb custom_css_title=\u00bbpadding-top: 20px;||padding-bottom: 5px;\u00bb custom_css_member_social_links=\u00bbpadding-left: 18px;\u00bb border_radii_image=\u00bbon|1200px|1200px|1200px|1200px\u00bb global_colors_info=\u00bb{}\u00bb child_filter_hue_rotate__hover_enabled=\u00bboff|desktop\u00bb child_filter_saturate__hover_enabled=\u00bbon|hover\u00bb child_filter_saturate__hover=\u00bb100%\u00bb child_filter_brightness__hover_enabled=\u00bboff|hover\u00bb][\/et_pb_team_member][\/et_pb_column][et_pb_column type=\u00bb1_3&#8243; _builder_version=\u00bb4.23.3&#8243; _module_preset=\u00bbdefault\u00bb custom_padding=\u00bb||||false|false\u00bb custom_padding_tablet=\u00bb||30px||false|false\u00bb custom_padding_phone=\u00bb||30px||false|false\u00bb custom_padding_last_edited=\u00bbon|tablet\u00bb global_colors_info=\u00bb{}\u00bb][et_pb_team_member name=\u00bbCristina Pereira\u00bb position=\u00bbGerente\u00bb image_url=\u00bbhttps:\/\/cingel.pt\/wp-content\/uploads\/2024\/02\/cingel-cristina-pereira-2-1024&#215;1024.jpg\u00bb linkedin_url=\u00bbhttps:\/\/pt.linkedin.com\/in\/cristina-pereira-580198a\u00bb _builder_version=\u00bb4.24.0&#8243; _module_preset=\u00bbdefault\u00bb header_font=\u00bbExo|600||on|||||\u00bb header_text_align=\u00bbcenter\u00bb header_text_color=\u00bb#595959&#8243; header_font_size=\u00bb16px\u00bb body_text_align=\u00bbcenter\u00bb position_text_align=\u00bbcenter\u00bb position_text_color=\u00bb#595959&#8243; text_orientation=\u00bbcenter\u00bb width=\u00bb90%\u00bb module_alignment=\u00bbcenter\u00bb child_filter_brightness=\u00bb105%\u00bb animation_style=\u00bbzoom\u00bb animation_delay=\u00bb300ms\u00bb animation_intensity_zoom=\u00bb10%\u00bb custom_css_title=\u00bbpadding-top: 20px;||padding-bottom: 5px;\u00bb custom_css_member_social_links=\u00bbpadding-left: 18px;\u00bb border_radii_image=\u00bbon|1200px|1200px|1200px|1200px\u00bb global_colors_info=\u00bb{}\u00bb child_filter_hue_rotate__hover_enabled=\u00bboff|desktop\u00bb child_filter_saturate__hover=\u00bb100%\u00bb child_filter_saturate__hover_enabled=\u00bbon|desktop\u00bb child_filter_brightness__hover_enabled=\u00bboff|hover\u00bb][\/et_pb_team_member][\/et_pb_column][\/et_pb_row][\/et_pb_section][et_pb_section fb_built=\u00bb1&#8243; module_id=\u00bbhistoria\u00bb _builder_version=\u00bb4.24.2&#8243; _module_preset=\u00bbdefault\u00bb background_enable_image=\u00bboff\u00bb custom_padding=\u00bb||30px|||\u00bb global_colors_info=\u00bb{}\u00bb][et_pb_row _builder_version=\u00bb4.23.1&#8243; _module_preset=\u00bbdefault\u00bb global_colors_info=\u00bb{}\u00bb][et_pb_column type=\u00bb4_4&#8243; _builder_version=\u00bb4.23.1&#8243; _module_preset=\u00bbdefault\u00bb global_colors_info=\u00bb{}\u00bb][et_pb_heading title=\u00bbHistoria del Grupo Cingel\u00bb _builder_version=\u00bb4.24.2&#8243; _module_preset=\u00bbdefault\u00bb title_font=\u00bbExo||||||||\u00bb title_text_align=\u00bbcenter\u00bb title_text_color=\u00bbgcid-63dc6424-0d57-48b2-b05a-a9e3366425b3&#8243; custom_margin=\u00bb||5px||false|false\u00bb locked=\u00bboff\u00bb global_colors_info=\u00bb{%22gcid-63dc6424-0d57-48b2-b05a-a9e3366425b3%22:%91%22title_text_color%22%93}\u00bb][\/et_pb_heading][et_pb_divider divider_style=\u00bbdotted\u00bb divider_weight=\u00bb2px\u00bb _builder_version=\u00bb4.24.2&#8243; _module_preset=\u00bbdefault\u00bb max_width=\u00bb5em\u00bb module_alignment=\u00bbcenter\u00bb custom_margin=\u00bb||0px||false|false\u00bb locked=\u00bboff\u00bb global_colors_info=\u00bb{}\u00bb][\/et_pb_divider][dmpro_carousel columns=\u00bb2&#8243; container_padding=\u00bb30px|12em|30px|12em|false|true\u00bb speed=\u00bb1301&#8243; autoplay=\u00bbon\u00bb navigation=\u00bbon\u00bb centered=\u00bboff\u00bb columns_tablet=\u00bb1&#8243; columns_phone=\u00bb1&#8243; columns_last_edited=\u00bbon|phone\u00bb space_between_tablet=\u00bb\u00bb space_between_phone=\u00bb8&#8243; space_between_last_edited=\u00bbon|phone\u00bb container_padding_tablet=\u00bb|9em||9em|false|true\u00bb container_padding_phone=\u00bb|5em||5em|false|true\u00bb container_padding_last_edited=\u00bbon|phone\u00bb _builder_version=\u00bb4.25.1&#8243; _module_preset=\u00bbdefault\u00bb desc_font_size=\u00bb16px\u00bb desc_line_height=\u00bb1.3em\u00bb width=\u00bb90%\u00bb width_tablet=\u00bb90%\u00bb width_phone=\u00bb100%\u00bb width_last_edited=\u00bbon|phone\u00bb module_alignment=\u00bbcenter\u00bb custom_css_img=\u00bbdisplay: none!important;\u00bb custom_css_title=\u00bbtext-align: left\u00bb custom_css_description=\u00bbtext-align: left;||height: auto;\u00bb border_color_bottom=\u00bbgcid-82b81f86-188a-4a0d-bc27-957912f3e4fb\u00bb border_style_bottom=\u00bbdotted\u00bb border_style_all_item=\u00bbdotted\u00bb global_colors_info=\u00bb{%22gcid-82b81f86-188a-4a0d-bc27-957912f3e4fb%22:%91%22border_color_bottom%22%93,%22gcid-63dc6424-0d57-48b2-b05a-a9e3366425b3%22:%91%22background_color_gradient_stops%22%93}\u00bb][dmpro_carousel_child title=\u00bb1989&#8243; text_title=\u00bb1989&#8243; desc_text=\u00bb&lt;p&gt;El Grupo Cingel naci\u00f3 como Cingel Contabilidade, Informa\u00e7\u00e3o e Gest\u00e3o, Lda. en enero de 1989, con s\u00f3lo tres personas y un capital social de 5.000 euros.&lt;\/p&gt;\u00bb _builder_version=\u00bb4.24.2&#8243; _module_preset=\u00bbdefault\u00bb global_colors_info=\u00bb{}\u00bb][\/dmpro_carousel_child][dmpro_carousel_child title=\u00bb1993&#8243; text_title=\u00bb1993&#8243; desc_text=\u00bbEn 1993 la empresa alcanz\u00f3 una facturaci\u00f3n de 130.000 euros, con nueve empleados, y a partir de entonces se produjo un fuerte crecimiento.\u00bb _builder_version=\u00bb4.23.1&#8243; _module_preset=\u00bbdefault\u00bb global_colors_info=\u00bb{}\u00bb][\/dmpro_carousel_child][dmpro_carousel_child title=\u00bb1995&#8243; text_title=\u00bb1995&#8243; desc_text=\u00bbEn 1995, con el mismo equipo y unos 50 clientes, los ingresos duplicaron.\u00bb _builder_version=\u00bb4.23.1&#8243; _module_preset=\u00bbdefault\u00bb global_colors_info=\u00bb{}\u00bb][\/dmpro_carousel_child][dmpro_carousel_child title=\u00bb1998&#8243; text_title=\u00bb1998&#8243; desc_text=\u00bbCingel &#8211; Forma\u00e7\u00e3o e Coloca\u00e7\u00e3o de Pessoal, Lda. se cre\u00f3 en 1998 con el objetivo de dar m\u00e1s formaci\u00f3n especializada a nuestros empleados y proporcionar a los clientes una formaci\u00f3n fundamental para la gesti\u00f3n de sus negocios.\u00bb _builder_version=\u00bb4.23.4&#8243; _module_preset=\u00bbdefault\u00bb global_colors_info=\u00bb{}\u00bb][\/dmpro_carousel_child][dmpro_carousel_child title=\u00bb1999&#8243; text_title=\u00bb1999&#8243; desc_text=\u00bbEn 1999, tras la construcci\u00f3n de la nueva sede de Cingel, Cingel ha pasado a tener 21 empleados y las condiciones necesarias para acoger a sus clientes, entidades oficiales e instituciones financieras, alcanzando un total de ingresos de m\u00e1s de medio mill\u00f3n de euros.\u00bb _builder_version=\u00bb4.23.4&#8243; _module_preset=\u00bbdefault\u00bb global_colors_info=\u00bb{}\u00bb][\/dmpro_carousel_child][dmpro_carousel_child title=\u00bb2006&#8243; text_title=\u00bb2006&#8243; desc_text=\u00bb&lt;p&gt;Reconociendo la calidad de los servicios de Cingel y el consiguiente aumento de la demanda de de servicios contables y de apoyo a la gesti\u00f3n, surgi\u00f3 la necesidad de ampliar geogr\u00e1ficamente las operaciones de Cingel en 2006. As\u00ed nacieron Cingel Consulting, ubicada en el Lisboa, y Cingel A\u00e7ores, con sede en Praia da Vit\u00f3ria, en la isla de Terceira. &lt;\/p&gt;\u00bb _builder_version=\u00bb4.24.2&#8243; _module_preset=\u00bbdefault\u00bb global_colors_info=\u00bb{}\u00bb][\/dmpro_carousel_child][dmpro_carousel_child title=\u00bb2010&#8243; text_title=\u00bb2010&#8243; desc_text=\u00bb&lt;p&gt;Con el \u00e9xito de Cingel Azores y la realizaci\u00f3n de una pol\u00edtica de expansi\u00f3n, en 2010 Cingel abri\u00f3 dos nuevas oficinas en las Azores: en la isla de Pico (Madalena) y en la isla de Faial (Horta).&lt;br&gt;Se invirti\u00f3 en una red de tecnolog\u00eda de la informaci\u00f3n y videoconferencia, que permite a los clientes tener contacto inmediato con nuestros t\u00e9cnicos o gerentes en cualquiera de nuestras oficinas. El sistema permite que todas las oficinas est\u00e9n conectadas simult\u00e1neamente. &lt;\/p&gt;\u00bb _builder_version=\u00bb4.23.4&#8243; _module_preset=\u00bbdefault\u00bb global_colors_info=\u00bb{}\u00bb][\/dmpro_carousel_child][dmpro_carousel_child title=\u00bb2011&#8243; text_title=\u00bb2011&#8243; desc_text=\u00bbEn 2011, Cingel Atl\u00e2ntico naci\u00f3 del deseo de servir, de marcar la diferencia y de colaborar cada vez mejor con los clientes.\u00bb _builder_version=\u00bb4.23.4&#8243; _module_preset=\u00bbdefault\u00bb global_colors_info=\u00bb{}\u00bb][\/dmpro_carousel_child][dmpro_carousel_child title=\u00bb2013&#8243; text_title=\u00bb2013&#8243; desc_text=\u00bb&lt;p&gt;Este a\u00f1o Cingel Atl\u00e2ntico abri\u00f3 su primera oficina en la isla de Santa Maria (Vila do Porto).&lt;\/p&gt;<br \/>\n&lt;p&gt;&lt;span&gt;Cingel &#8211; Forma\u00e7\u00e3o e Coloca\u00e7\u00e3o de Pessoal, Lda. es acreditada por la DGERT. &lt;\/span&gt;&lt;\/p&gt;<br \/>\n&lt;p&gt;Se crea Cingel SGPS, S.A.&lt;\/p&gt;\u00bb _builder_version=\u00bb4.23.4&#8243; _module_preset=\u00bbdefault\u00bb global_colors_info=\u00bb{}\u00bb][\/dmpro_carousel_child][dmpro_carousel_child title=\u00bb2015&#8243; text_title=\u00bb2015&#8243; desc_text=\u00bb&lt;p&gt;En 2015 &lt;span&gt;Cingel Atl\u00e2ntico abri\u00f3 una nueva oficina, esta vez&lt;\/span&gt; en la isla de Graciosa.&lt;\/p&gt;\u00bb _builder_version=\u00bb4.23.4&#8243; _module_preset=\u00bbdefault\u00bb global_colors_info=\u00bb{}\u00bb][\/dmpro_carousel_child][dmpro_carousel_child title=\u00bb2016&#8243; text_title=\u00bb2016&#8243; desc_text=\u00bbEn 2016 Cingel Atl\u00e2ntico abri\u00f3 dos nuevas oficinas. Una en la isla de Flores y la otra en S\u00e3o Miguel. \u00bb _builder_version=\u00bb4.23.4&#8243; _module_preset=\u00bbdefault\u00bb global_colors_info=\u00bb{}\u00bb][\/dmpro_carousel_child][dmpro_carousel_child title=\u00bb2017&#8243; text_title=\u00bb2017&#8243; desc_text=\u00bb&lt;p&gt;En 2017, el Grupo Cingel abri\u00f3 su segunda oficina en Terceira, en Angra de Hero\u00edsmo, lo que la conviert\u00f3 en la octava oficina en las Azores.&lt;\/p&gt;<br \/>\n&lt;p&gt;Se realiz\u00f3 una importante inversi\u00f3n en software de gesti\u00f3n documental.&lt;\/p&gt;\u00bb _builder_version=\u00bb4.23.4&#8243; _module_preset=\u00bbdefault\u00bb global_colors_info=\u00bb{}\u00bb][\/dmpro_carousel_child][dmpro_carousel_child title=\u00bb2020&#8243; text_title=\u00bb2020&#8243; desc_text=\u00bb&lt;p&gt;Debido a la preocupaci\u00f3n por el medio ambiente, el Grupo Cingel invirti\u00f3 en una flota de veh\u00edculos el\u00e9ctricos.&lt;\/p&gt;\u00bb _builder_version=\u00bb4.24.2&#8243; _module_preset=\u00bbdefault\u00bb global_colors_info=\u00bb{}\u00bb][\/dmpro_carousel_child][dmpro_carousel_child title=\u00bb2023&#8243; text_title=\u00bb2023&#8243; desc_text=\u00bbCingel fue o reconocida como PYME de Excelencia para el ejercicio 2022.\u00bb _builder_version=\u00bb4.23.4&#8243; _module_preset=\u00bbdefault\u00bb global_colors_info=\u00bb{}\u00bb][\/dmpro_carousel_child][dmpro_carousel_child title=\u00bb2024&#8243; text_title=\u00bb2024&#8243; desc_text=\u00bb&lt;p&gt;El Grupo Cingel celebra su 35 aniversario.&lt;\/p&gt;\u00bb _builder_version=\u00bb4.24.0&#8243; _module_preset=\u00bbdefault\u00bb global_colors_info=\u00bb{}\u00bb][\/dmpro_carousel_child][\/dmpro_carousel][\/et_pb_column][\/et_pb_row][\/et_pb_section][et_pb_section fb_built=\u00bb1&#8243; _builder_version=\u00bb4.23.3&#8243; _module_preset=\u00bbdefault\u00bb background_color=\u00bbgcid-82b81f86-188a-4a0d-bc27-957912f3e4fb\u00bb use_background_color_gradient=\u00bbon\u00bb background_color_gradient_direction=\u00bb80deg\u00bb background_color_gradient_stops=\u00bb#f0a00f 8%|rgba(240,160,15,0.85) 34%|rgba(240,160,15,0.8) 88%\u00bb background_color_gradient_overlays_image=\u00bbon\u00bb background_image=\u00bbhttps:\/\/cingel.pt\/wp-content\/uploads\/2023\/12\/mapa.jpg\u00bb parallax=\u00bbon\u00bb parallax_method=\u00bboff\u00bb background_enable_pattern_style=\u00bbon\u00bb background_pattern_style=\u00bbdiagonal-stripes-2&#8243; background_pattern_size=\u00bbcustom\u00bb background_pattern_width=\u00bb5px\u00bb animation_style=\u00bbslide\u00bb animation_direction=\u00bbbottom\u00bb global_colors_info=\u00bb{%22gcid-82b81f86-188a-4a0d-bc27-957912f3e4fb%22:%91%22background_color%22,%22background_color%22%93}\u00bb][et_pb_row _builder_version=\u00bb4.23.3&#8243; _module_preset=\u00bbdefault\u00bb global_colors_info=\u00bb{}\u00bb][et_pb_column type=\u00bb4_4&#8243; _builder_version=\u00bb4.23.3&#8243; _module_preset=\u00bbdefault\u00bb global_colors_info=\u00bb{}\u00bb][et_pb_cta title=\u00bb\u00bfConoce nuestra red de oficinas?\u00bb button_url=\u00bb@ET-DC@eyJkeW5hbWljIjp0cnVlLCJjb250ZW50IjoicG9zdF9saW5rX3VybF9wYWdlIiwic2V0dGluZ3MiOnsicG9zdF9pZCI6IjQ0In19@\u00bb button_text=\u00bbacceda a la p\u00e1gina de contactos\u00bb _builder_version=\u00bb4.23.4&#8243; _dynamic_attributes=\u00bbbutton_url\u00bb _module_preset=\u00bbdefault\u00bb header_font=\u00bbExo|300||on|||||\u00bb header_font_size=\u00bb55px\u00bb body_font=\u00bbExo|600||on|||||\u00bb body_text_color=\u00bb#FFFFFF\u00bb body_font_size=\u00bb18px\u00bb body_line_height=\u00bb1.6em\u00bb background_color=\u00bbRGBA(255,255,255,0)\u00bb background_enable_image=\u00bboff\u00bb custom_button=\u00bbon\u00bb button_bg_color=\u00bbgcid-63dc6424-0d57-48b2-b05a-a9e3366425b3&#8243; button_border_width=\u00bb0px\u00bb button_font=\u00bbExo||||||||\u00bb button_use_icon=\u00bboff\u00bb width=\u00bb80%\u00bb width_tablet=\u00bb100%\u00bb width_phone=\u00bb\u00bb width_last_edited=\u00bbon|phone\u00bb module_alignment=\u00bbcenter\u00bb custom_padding=\u00bb25px|5px|25px|5px|true|true\u00bb custom_padding_tablet=\u00bb\u00bb custom_padding_phone=\u00bb\u00bb custom_padding_last_edited=\u00bbon|phone\u00bb header_font_size_tablet=\u00bb\u00bb header_font_size_phone=\u00bb45px\u00bb header_font_size_last_edited=\u00bbon|phone\u00bb body_font_size_tablet=\u00bb\u00bb body_font_size_phone=\u00bb16px\u00bb body_font_size_last_edited=\u00bbon|tablet\u00bb global_colors_info=\u00bb{%22gcid-63dc6424-0d57-48b2-b05a-a9e3366425b3%22:%91%22button_bg_color%22,%22button_text_color__hover%22,%22button_bg_color%22,%22button_text_color__hover%22%93,%22gcid-82b81f86-188a-4a0d-bc27-957912f3e4fb%22:%91%22button_bg_color__hover%22%93}\u00bb button_bg_color__hover=\u00bb#FFFFFF\u00bb button_bg_color__hover_enabled=\u00bbon|hover\u00bb button_bg_enable_color__hover=\u00bbon\u00bb button_text_color__hover_enabled=\u00bbon|hover\u00bb button_text_color__hover=\u00bb#595959&#8243;]<\/p>\n<p>Cingel cuenta con 10 oficinas repartidas por Portugal continental y las Azores. Esta estrategia de expansi\u00f3n nos permite garantizar un contacto permanente y cercano con nuestros clientes actuales y futuros. <\/p>\n<p>[\/et_pb_cta][\/et_pb_column][\/et_pb_row][\/et_pb_section]<\/p>\n","protected":false},"excerpt":{"rendered":"<p><div class=\"et_pb_module dmpro_breadcrumbs dmpro_breadcrumbs_0\">\n\t\t\t\t\n\t\t\t\t\n\t\t\t\t\n\t\t\t\t\n\t\t\t\t\n\t\t\t\t\n\t\t\t\t<div class=\"et_pb_module_inner\">\n\t\t\t\t\t<div class=\"dmpro-breadcrumbs\">\n                <ul >\n                    \t\n                    <li  class=\"dmpro-breadcrumb-item dmpro-breadcrumb-home\">\n                                    <a  href=\"https:\/\/cingel.pt\/\">\n                        <span  >\n                            <span class=\"et-pb-icon dmpro-home-icon\"><\/span>                                                    <\/span>\n                    <\/a>\n                                            <\/li>\n\t\t\t\n            \n            <li class=\"dmpro-breadcrumb-separator\"><span class=\"et-pb-icon dmpro-separator-icon\">$<\/span><\/li>\t\t\t\n            \n                <\/ul>\n            <\/div>\n\t\t\t\t<\/div>\n\t\t\t<\/div>El Grupo Cingel opera en las \u00e1reas de contabilidad, fiscalidad, consultor\u00eda,\u2026 <a href=\"https:\/\/cingel.pt\/es\/grupo-cingel\/\">Read More &raquo;<\/a><\/p>\n","protected":false},"author":1,"featured_media":0,"parent":0,"menu_order":0,"comment_status":"closed","ping_status":"closed","template":"","meta":{"_et_pb_use_builder":"on","_et_pb_old_content":"","_et_gb_content_width":"","footnotes":""},"class_list":["post-5455","page","type-page","status-publish","hentry"],"aioseo_notices":[],"_links":{"self":[{"href":"https:\/\/cingel.pt\/es\/wp-json\/wp\/v2\/pages\/5455","targetHints":{"allow":["GET"]}}],"collection":[{"href":"https:\/\/cingel.pt\/es\/wp-json\/wp\/v2\/pages"}],"about":[{"href":"https:\/\/cingel.pt\/es\/wp-json\/wp\/v2\/types\/page"}],"author":[{"embeddable":true,"href":"https:\/\/cingel.pt\/es\/wp-json\/wp\/v2\/users\/1"}],"replies":[{"embeddable":true,"href":"https:\/\/cingel.pt\/es\/wp-json\/wp\/v2\/comments?post=5455"}],"version-history":[{"count":79,"href":"https:\/\/cingel.pt\/es\/wp-json\/wp\/v2\/pages\/5455\/revisions"}],"predecessor-version":[{"id":5858,"href":"https:\/\/cingel.pt\/es\/wp-json\/wp\/v2\/pages\/5455\/revisions\/5858"}],"wp:attachment":[{"href":"https:\/\/cingel.pt\/es\/wp-json\/wp\/v2\/media?parent=5455"}],"curies":[{"name":"wp","href":"https:\/\/api.w.org\/{rel}","templated":true}]}}